{"version":"1.0","provider_name":"Szerencsecsillag","provider_url":"https:\/\/indigo.cafeblog.hu","author_name":"kbarbiz","author_url":"https:\/\/indigo.cafeblog.hu\/author\/kbarbiz\/","title":"ZELLER","html":"<blockquote>\r\n<p>&nbsp;<\/p>\r\n<\/blockquote>\r\n<p><img class=\"alignnone  wp-image-81\" src=\"https:\/\/indigo.cafeblog.hu\/files\/2019\/08\/IMG-e12df3466aa689ce029144fd70e186d2-V-281x300.jpg\" alt=\"\" width=\"166\" height=\"177\" \/><em><span style=\"color: #ff99cc\">N\u00e9ha az \u00e9lett\u0151l olyan dolgokat kapunk, amikr\u0151l els\u0151re nem is gondoln\u00e1nk, hogy onnant\u00f3l az eg\u00e9sz \u00e9let\u00fcnk megv\u00e1ltozik<\/span><\/em>.<\/p>\r\n<p>Nem voltam az a fajta kisgyerek aki \u00e1lland\u00f3an egy kuty\u00e1\u00e9rt nyaggatja a sz\u00fcleit, de 17 \u00e9ves korom k\u00f6r\u00fcl valami \u201ebekattant\u201d. Nekem kell egy kutya. S\u0151t nem csak egy ak\u00e1rmilyen kutya, hanem egy westie. Es\u00e9lyem sem volt r\u00e1, hogy legyen egy, m\u00e9g otthon laktam, Anyuk\u00e1m hallani sem akart r\u00f3la, \u00e9s el\u00e9g dr\u00e1ga is volt egy fajtatiszta feh\u00e9r terrier. V\u00e1rnom kellett teh\u00e1t, v\u00e1rni az alkalmat, mert azt tudtam, hogy az \u00e9let nem \u00e9let nekem t\u00f6bb\u00e9 kutya n\u00e9lk\u00fcl. Az utc\u00e1n idegen kutyusokhoz mentem oda, \u00f6lelgettem \u0151ket, teljesen h\u00fcly\u00e9nek n\u00e9ztek. K\u00f6zben bennem egyre er\u0151s\u00f6d\u00f6tt az elhat\u00e1roz\u00e1s, egy bels\u0151 k\u00e9nyszer \u00fct\u00f6tte fel a fej\u00e9t, kell egy kutya, minden\u00e1ron! T\u00f6k\u00e9letesen tudtam, hogy nekem lesz egy westiem. M\u00e1r a neve is megvolt, Zeller, csak mag\u00e1ra a kuty\u00e1ra kellett v\u00e1rjak m\u00e9g p\u00e1r keserves \u00e9vet.<\/p>\r\n<p>Amint elk\u00f6lt\u00f6ztem otthonr\u00f3l hamarosan megpuh\u00edtottam az akkori bar\u00e1tom, hogy nek\u00fcnk \u00e9letbev\u00e1g\u00f3, hogy beszerezz\u00fcnk egy kuty\u00e1t. Beadta a derek\u00e1t, b\u00e1r voltak kik\u00f6t\u00e9sei, miszerint \u0150 maximum egyszer viszi le egy nap, \u00e9s nem j\u00f6het be az \u00e1gyba. Mondanom sem kell, el\u00e9g hamar egy\u00fctt aludtunk, mindh\u00e1rman.<\/p>\r\n<p>2000. december 6-\u00e1n hoztuk el a kis vakarcsot, a tenyeremben elf\u00e9rt. Senkinek sem mondtuk meg a csal\u00e1dban, hogy kuty\u00e1sok lesz\u00fcnk, hogy mi elkuty\u00e1sodunk, k\u00e9s\u0151bb is r\u00e1\u00e9rt m\u00e9g az a sz\u00edvroham. <br \/><br \/>Egyik\u00fcnk csal\u00e1dj\u00e1ban sem aratott osztatlan sikert a t\u00e9ny, hogy \u00faj csal\u00e1dtaggal b\u0151v\u00fclt\u00fcnk, de engem ez egy cseppet sem zavart, \u00e9n tudtam, hogy ezt nagyon akartam, akarom. Az \u00e9n \u00e9letem onnant\u00f3l Zellerr\u0151l sz\u00f3lt. \u00c9n olyan j\u00f3 anyuk\u00e1ja akartam lenni, hogy jobbat el se lehessen k\u00e9pzelni. Az els\u0151 \u00e9vben voltak eg\u00e9szs\u00e9g\u00fcgyi probl\u00e9m\u00e1i. T\u00fal hamar lett elv\u00e1lasztva \u00e9s az immunrendszere nem fejl\u0151d\u00f6tt ki rendesen, de \u00e9n mindent megtettem, a homeop\u00e1ti\u00e1s \u00e9s a rendes orvosok, a vitaminok, a bio t\u00e1pl\u00e1l\u00e1s, a rengeteg mozg\u00e1s, j\u00e1t\u00e9k \u00e9s a t\u00f6m\u00e9nytelen szeretet meghozta a hat\u00e1st, egy \u00e9ves kora ut\u00e1n nem is nagyon j\u00e1rtunk orvoshoz. Nem volt allergi\u00e1s, falta a csirk\u00e9t, kutya baja sem volt.<\/p>\r\n<p>K\u00f6zben az \u00e9let zajlott, elv\u00e1l\u00e1sok, k\u00f6lt\u00f6z\u00e9sek, j\u00f3 \u00e9s rossz \u00e9vek k\u00f6vett\u00e9k egym\u00e1st, de mi mindig egy\u00fctt voltunk. Elk\u00e9pzelhetetlen lett volna sz\u00e1momra, hogy elv\u00e1ljunk, ak\u00e1r egy napra is, \u00e9n mindenn\u00e9l jobban szerettem. Minden gondolatomban benne volt, d\u00f6nt\u00e9st nem hoztam \u00fagy, hogy ne m\u00e9rlegeljem Neki mi a legjobb. Volt kapcsolatom is amit negat\u00edvan befoly\u00e1solt, hogy ennyire a kutya az els\u0151. De nekem \u0150 volt az els\u0151! Nem vagyok egy \u00f6nzetlen t\u00edpus, de Vele -\u00e9s t\u00e9nyleg csak Vele- teljesen \u00f6nzetlen tudtam lenni. \u00c9s \u0150 megh\u00e1l\u00e1lta. Igazi t\u00e1rsam volt. Mindig. J\u00f3ban. Rosszban.<\/p>\r\n<p>Nagyon gyorsan rep\u00fcl az id\u0151, b\u00e1rmilyen kutya\u00e9vben soknak mondott esztend\u0151 is kev\u00e9snek bizonyul. <br \/>13 \u00e9ves kor\u00e1ban, fene nagy ugr\u00e1ndoz\u00e1sok k\u00f6zepette m\u00e9g elt\u00f6rte a l\u00e1b\u00e1t,<img class=\"alignnone  wp-image-95\" src=\"https:\/\/indigo.cafeblog.hu\/files\/2019\/08\/IMG_20190815_000306-300x278.jpg\" alt=\"\" width=\"182\" height=\"169\" \/> de 14-15 \u00e9ves kora ut\u00e1n m\u00e1r kezdett \u00f6regedni. Keveset mozgott, \u00e9s nehezen is. Sokszor s\u00e9ta k\u00f6zben megremegett, mintha nem tudn\u00e1 megtartani mag\u00e1t. Mindig noszogattam, hogy gyer\u00fcnk, tudom f\u00e1j a l\u00e1bad, de menni kell! Azt\u00e1n egyik reggel \u00f6sszecsuklott. Rohan\u00e1s az orvoshoz, ahol a gondos kivizsg\u00e1l\u00e1snak h\u00e1la kider\u00fclt, hogy nagyon alacsony a cukra. 1-es volt! A doki csod\u00e1lkozott is, hogy nem \u00e1jult el. Kapott cukros inf\u00fazi\u00f3t, de sajnos nem ment fel a cukra \u00fagy ahogy kellett volna. Egy sor vizsg\u00e1lat ut\u00e1n kider\u00fclt, hogy inzulin\u00f3m\u00e1ja van, ami egy nagyon ritka cukorbetegs\u00e9g, tulajdonk\u00e9pp hasny\u00e1lmirigy r\u00e1k. Az inzulint termel\u0151 szigetek t\u00fal sok inzulint termelnek, \u00edgy b\u00e1rmilyen sokat is eszik nem tud a cukra norm\u00e1lis \u00e9rt\u00e9kre felk\u00faszni. Ez az\u00e9rt rossz, mert \u00edgy az agysejtek is sorvadnak, nem kap el\u00e9g sz\u00e9nhidr\u00e1tot, nagyon fontos a megfelel\u0151 cukorszint tart\u00e1sa, ami nem egyszer\u0171 hadm\u0171velet. A kora miatt \u00e9s a hasny\u00e1lmirigy -mint nagyon k\u00e9nyes szerv- miatt a m\u0171t\u00e9t nem volt opci\u00f3, a l\u00e9nyeg a lehet\u0151 legkuty\u00e1bb \u00e9let biztos\u00edt\u00e1sa lett.<\/p>\r\n<p>\u0150 az eg\u00e9sz \u00e9let\u00e9t nekem adta, most itt volt az id\u0151 a viszonz\u00e1sra!<\/p>\r\n<p>A kuty\u00e1k cukra olyan mint az ember\u00e9, 4 alatt nem igaz\u00e1n j\u00f3. \u00c9n a 3-n\u00e1l m\u00e1r \u00f6r\u00f6mt\u00fczet gy\u00fajtottam\u2026<br \/>Folyamatosan, h\u00e1rom \u00f3r\u00e1nk\u00e9nt ennie kellett, de persze nagyon odafigyelve, hogy ne h\u00edzzon, \u00edgy is neh\u00e9zkesen mozgott m\u00e1r.<\/p>\r\n<p>A napunk, minden napunk hajnal \u00f6tkor kezd\u0151d\u00f6tt, amikor is musz\u00e1j volt felr\u00e1zzam, hogy egyen valamit, majd v\u00e9rcukor m\u00e9r\u00e9s, gy\u00f3gyszerek bead\u00e1sa, kis s\u00e9ta, l\u00e1bmos\u00e1s, pihen\u00e9s, reggeli, cukorm\u00e9r\u00e9s, \u00e9s ezen tev\u00e9kenys\u00e9gek \u00f6rd\u00f6gi k\u00f6rben val\u00f3 ism\u00e9tl\u0151d\u00e9se eg\u00e9szen \u00e9jf\u00e9lig.<\/p>\r\n<p>Az orvosok p\u00e1r h\u00f3napot adtak, egy \u00e9vet \u00e9lt m\u00e9g. <br \/>F\u0171ben hemperg\u0151zve, 16. sz\u00fclet\u00e9snapj\u00e1ra harminc lufit pukkasztva, t\u00e9li h\u00f3ban hemperegve, azt hiszem -nagyon rem\u00e9lem- boldogan. K\u00fczd\u00f6tt rend\u00fcletlen\u00fcl, meg sem nyikkant a mindennapos v\u00e9rv\u00e9teln\u00e9l, az inf\u00fazi\u00f3n\u00e1l, a f\u00e1jdalmakn\u00e1l. <br \/>\u0150k sokkal t\u00f6bbet tudnak mint mi, sz\u00edvb\u0151l szeretnek \u00e9lni! Minden nap h\u00e1l\u00e1t adtam, hogy van m\u00e9g nekem!<\/p>\r\n<p>Azt\u00e1n elj\u00f6tt az elker\u00fclhetetlen. A sz\u00edvemet t\u00e9pt\u00e9k ki, \u00e9s egy darabja az\u00f3ta is Vele van. <br \/>T\u00f6bbet nem kellett este reggelit \u00e9s gy\u00f3gyszert k\u00e9sz\u00edteni, \u00e9s 11 ut\u00e1n leugrani egy gyors pisire, hogy azt\u00e1n m\u00e9g lefekv\u00e9s el\u0151tt \u00fajra l\u00e1bat, sz\u00e1jat lehessen mosni, mely k\u00f6vetkezt\u00e9ben lehet el\u0151venni a porsz\u00edv\u00f3t megint.<br \/>Nem kellett t\u00f6bb\u00e9 5:30-kor v\u00edzhajt\u00f3t sz\u00e1jba tuszkolni \u00e9s riadni 8-kor, hogy nem hat-e\u00a0m\u00e1r? De miel\u0151tt a h\u00e1l\u00f3ingre kapott nagykab\u00e1tban, kisbund\u00e1ba \u00f6lt\u00f6ztetett kiskuty\u00e1val \u00f6lben leindultunk volna, m\u00e9g egy gyors sz\u0151l\u0151cukros injekci\u00f3t beadni, nehogy az utc\u00e1n legyen rosszul.<br \/>Legal\u00e1bb nem kellett csin\u00e1lni m\u00e1r ezt sem.<br \/>Nem kellett 2 \u00f3r\u00e1val kor\u00e1bban kelni, hogy meglegyen a v\u00e9rcukor m\u00e9r\u00e9s, az \u00f6sszes gy\u00f3gyszer, vegyszer, kegyszer bead\u00e1sa, lehetett aludni legal\u00e1bb.<br \/>\u00c9s nem kellett azt\u00e1n sietni haza, hogy \u00fajabb cukrok bead\u00e1s\u00e1val tartsuk a kettes cukorszintet.<br \/>Nem kellett d\u00e9lut\u00e1n s\u00e9t\u00e1lni, v\u00e1s\u00e1rolni, f\u0151zni, lehetett csin\u00e1lni a sok fontos dolgot.<br \/>Nem kellett d\u00e9lut\u00e1ni gy\u00f3gyszert id\u0151ben beadni, etetni, mosogatni. Takar\u00edtani a mindent ellep\u0151 cukorfelh\u0151t, mosni sik\u00e1lni a k\u0151r\u0151l f\u00f6l azt. \u00d6sszeh\u00e1nyt takar\u00f3t cser\u00e9lni, esti s\u00e9t\u00e1ra menni.<br \/>Nem kellett m\u00e1r j\u00f3\u00e9jt puszit adni, odab\u00fajni, mert m\u00e1r nem volt kihez.<br \/>Pedig de nagyon csin\u00e1ltam volna m\u00e9g, sz\u00e1z \u00e9vig is ak\u00e1r...<\/p>\r\n<p>ZELIK\u00c9M, k\u00f6sz\u00f6n\u00f6m, hogy VAGY nekem, \u00f6r\u00f6kk\u00e9!\u00a0<img class=\"size-medium wp-image-86 aligncenter\" src=\"https:\/\/indigo.cafeblog.hu\/files\/2019\/08\/IMG_20190814_192855-162x300.jpg\" alt=\"\" width=\"162\" height=\"300\" \/><br \/><em>A m\u00e1r t\u00f6bbet nem kellett dolgok id\u0151vel \u00fajra kellenek (de most m\u00e9g csak a j\u00f3 r\u00e9sz\u00fck), mert ahogy az \u00e9let megy tov\u00e1bb, \u00fagy j\u00f6tt egy \u00faj Christopher, mert kutya n\u00e9lk\u00fcl lehet \u00e9lni, de minek!<\/em><br \/><em>De ez m\u00e1r egy m\u00e1sik t\u00f6rt\u00e9net... (https:\/\/indigo.cafeblog.hu\/2019\/07\/18\/kincs-ami-van\/)\u00a0<\/em><\/p>","type":"rich","thumbnail_url":"https:\/\/indigo.cafeblog.hu\/files\/2019\/08\/IMG_20190814_192855-150x150.jpg","thumbnail_width":150,"thumbnail_height":150}