{"version":"1.0","provider_name":"Szerencsecsillag","provider_url":"https:\/\/indigo.cafeblog.hu","author_name":"kbarbiz","author_url":"https:\/\/indigo.cafeblog.hu\/author\/kbarbiz\/","title":"Halhatatlanok","html":"<p>&nbsp;<\/p>\r\n<p><strong>\"Minden tal\u00e1lkoz\u00e1s b\u00facs\u00faz\u00e1ssal z\u00e1rul, de a b\u00facs\u00fa m\u00e1r egy \u00faj kezdet is.\"<\/strong><\/p>\r\n<p><em>\u00a0<\/em><\/p>\r\n<p><em><img class=\"alignnone  wp-image-279\" src=\"https:\/\/indigo.cafeblog.hu\/files\/2019\/09\/image-49.png\" alt=\"\" width=\"233\" height=\"155\" \/><span style=\"color: #ff00ff\">Ez\u00a0 egy nagyon k\u00e9nyes t\u00e9ma. El\u0151re szeretn\u00e9m lesz\u00f6gezni, hogy senki hite, vall\u00e1sa, meggy\u0151z\u0151d\u00e9se felett nem szeretn\u00e9k p\u00e1lc\u00e1t t\u00f6rni.<\/span><br \/><span style=\"color: #ff00ff\">Nem buzd\u00edtok senkit semmire, csak, hogy egy picit gondolkodjunk el! Mert ilyen dolgokon ritk\u00e1bban szoktunk. <\/span><\/em><\/p>\r\n<p><em>\u00a0<\/em><\/p>\r\n<p>Ha valaki meghal, ottmaradnak a t\u00e1rgyai, a dolgai, az \u00e9lete marad\u00e9ka. \u00c9s ottmarad a teste. <br \/>T\u00f6bbf\u00e9lek\u00e9ppen lehet feldolgozni a vesztes\u00e9get. Ha egy hossz\u00fa betegs\u00e9g ut\u00e1n, vagy \u00f6regen kell elhagyni ezt a f\u00f6ldi vil\u00e1got, akkor az itt maradottak b\u00e1r neh\u00e9z sz\u00edvvel, de k\u00f6nnyebben elengedik szerett\u00fcket.<br \/>Ha viszont egy fiatal, eg\u00e9szs\u00e9ges ember egy baleset k\u00f6vetkezt\u00e9ben k\u00e9nyszer\u00fcl elhagyni az \u00e9letet, az mindig feldolgozhatatlan. <br \/>Ilyenkor a f\u00e1jdalom s\u00falya alatt nagyon kev\u00e9s ember gondol arra, hogy hozz\u00e1tartoz\u00f3juk \u00e9lhetne m\u00e9g tov\u00e1bb. \u00c9s nem csak a sz\u00edvekben! <br \/>Lehets\u00e9ges, hogy a hal\u00e1l ut\u00e1n seg\u00edteni tudjon m\u00e1sokon, \u00e9s \u00e1ltaluk, vel\u00fck, benn\u00fck \u0150 is egy kicsit hallhatatlan lesz.<\/p>\r\n<p>&nbsp;<\/p>\r\n<p>Don\u00e1ci\u00f3, vagyis szerv\u00e1t\u00fcltet\u00e9s. Sokszor halljuk, m\u00e9gis keveset<\/p>\r\n[caption id=\"attachment_280\" align=\"alignright\" width=\"209\"]<img class=\"wp-image-280 size-full\" src=\"https:\/\/indigo.cafeblog.hu\/files\/2019\/09\/IMG_20190928_195010.png\" alt=\"\" width=\"209\" height=\"110\" \/> <em>Az \u00e9letet nem csak \u00e9vekben m\u00e9rik, hanem abban is, hogy mit adunk m\u00e1soknak<\/em>[\/caption]\r\n<p>tudunk r\u00f3la. Arra pedig m\u00e9g kevesebben gondolnak, hogy mindannyian lehet\u00fcnk ennek a k\u00e9nyes t\u00e9m\u00e1nak b\u00e1rmelyik oldal\u00e1n egy pillanat alatt.<br \/>Magyarorsz\u00e1gon a felt\u00e9telezz beleegyez\u00e9s elve \u00e9rv\u00e9nyes\u00fcl. Ez azt\u00a0jelenti, hogy ha valaki \u00e9let\u00e9ben nem tiltakozott az ellen, hogy szerveit hal\u00e1la eset\u00e9n szerv\u00e1t\u00fcltet\u00e9si c\u00e9lokra felhaszn\u00e1lj\u00e1k, akkor felt\u00e9telezhet\u0151, hogy beleegyezik ebbe.\u00a0 A jogi szab\u00e1lyoz\u00e1s ennek megfelel\u0151.<\/p>\r\n<p>Term\u00e9szetesen m\u00e9g \u00edgy sem lehet mindenki donor.\u00a0<\/p>\r\n<p>Most f\u00f3kusz\u00e1ljunk egy balesetben elhunytra. Az \u0151 szerveit csak akkor lehet \u00e1t\u00fcltetni, ha be\u00e1ll az agyhal\u00e1l. Ez azt jelenti, hogy a spont\u00e1n l\u00e9gz\u00e9s mellett az agy \u00e9s az agyt\u00f6rzs m\u0171k\u00f6d\u00e9se is teljes m\u00e9rt\u00e9kben le\u00e1ll. Ezt kiv\u00e1lthatja s\u00e9r\u00fcl\u00e9s, v\u00e9rz\u00e9s, fullad\u00e1s. <br \/>Ebben az esetben a kering\u00e9st \u00e9s a nem s\u00e9r\u00fclt szervek m\u0171k\u00f6d\u00e9s\u00e9t mesters\u00e9ges g\u00e9pi l\u00e9gz\u00e9ssel \u00e9s gy\u00f3gyszerekkel egy ideig fent lehet tartani, \u00edgy \u00e9letet, \u00e9leteket menthet.<br \/><br \/>M\u00e1s eset p\u00e9ld\u00e1ul egy sz\u00edvmeg\u00e1ll\u00e1s. Itt a sz\u00edv term\u00e9szetesen eleve nem haszn\u00e1lhat\u00f3, de nagyban k\u00e1rosodik a t\u00f6bbi szerv is az oxig\u00e9nhi\u00e1ny miatt. Nagyon gyors ell\u00e1t\u00e1sn\u00e1l vannak megmenthet\u0151 szervek, de itt m\u00e1r j\u00f3val kisebb es\u00e9llyel.<br \/><br \/><\/p>\r\n<p>Eleve nagyon sok kiz\u00e1r\u00f3 oka van, hogy egy szervvel egy m\u00e1sik ember m\u00e9g tov\u00e1bb \u00e9lhessen, legal\u00e1bb mi magunk ne legy\u00fcnk g\u00e1tja annak, hogy valaki m\u00e9g id\u0151t kapjon. Mert az id\u0151 szerencse. Szerencse az is, ha \u00e9pp passzolnak a v\u00e9rcsoportok, ha id\u0151ben k\u00f3rh\u00e1zba \u00e9r a szerv, ha haszn\u00e1lhat\u00f3, ha\u2026<br \/><img class=\"wp-image-281 aligncenter\" src=\"https:\/\/indigo.cafeblog.hu\/files\/2019\/09\/image-50.png\" alt=\"\" width=\"161\" height=\"161\" \/><\/p>\r\n<p>Rengeteg ember v\u00e1r. V\u00e1r\u00f3list\u00e1k v\u00e9gtelen sora k\u00edgy\u00f3zik.<\/p>\r\n<p>Szem\u00e9ly szerint \u00e9n szeretn\u00e9m, hogy ha velem valami t\u00f6rt\u00e9nne, akkor m\u00e1s embereken amilyen sok szervvel csak lehet seg\u00edteni tudjak. <br \/>Tal\u00e1n a szeretteimnek is jobb lenne a tudat, hogy valakiben tov\u00e1bb \u00e9lek.<br \/><br \/>Ez persze csak az \u00e9n v\u00e9lem\u00e9nyem. \u00c9n csak a saj\u00e1t szemsz\u00f6gemb\u0151l l\u00e1tom ezt, \u00e9s semmik\u00e9pp nem tiltakozn\u00e9k az \"adom\u00e1nyoz\u00e1s\" ellen. Szerintem annyira mag\u00e1t\u00f3l \u00e9rtet\u0151d\u0151, hogy ha nekem m\u00e1r lej\u00e1rt az id\u0151m, m\u00e1snak az\u00e9rt m\u00e9g legyen lehet\u0151s\u00e9ge \u00e9lni.<\/p>\r\n<p>Test\u00fcnk a f\u00f6ld al\u00e1 ker\u00fcl, porr\u00e1 lesz. Ez megt\u00f6rt\u00e9nik akkor is, ha k\u00f6zben valakinek az \u00e9let\u00e9t megmentj\u00fck! Am\u00edg itt vagyunk m\u00e9g van v\u00e1laszt\u00e1sunk, \u00e9s ha ne adj isten mi v\u00e1runk a v\u00e9gtelen v\u00e1r\u00f3list\u00e1n, im\u00e1ba foglaljuk annak nev\u00e9t akit\u0151l \u00faj \u00e9letet kaphatunk.\u00a0<br \/><br \/><\/p>","type":"rich","thumbnail_url":"https:\/\/indigo.cafeblog.hu\/files\/2019\/09\/image-49-150x150.png","thumbnail_width":150,"thumbnail_height":150}